{"id":83,"date":"2018-10-13T19:01:44","date_gmt":"2018-10-13T19:01:44","guid":{"rendered":"http:\/\/angelina-konrad.de\/?page_id=83"},"modified":"2025-03-30T12:53:32","modified_gmt":"2025-03-30T12:53:32","slug":"ausstellungen","status":"publish","type":"page","link":"https:\/\/angelina-konrad.de\/?page_id=83","title":{"rendered":"Ausstellungen"},"content":{"rendered":"<p>2022 Freiluftgalerie Rh\u00f6ndorf<\/p>\n<p>2021 \"Finale 21\", Kunstverein Mittelrhein, Koblenz<br \/>2021 Freiluftgalerie Rh\u00f6ndorf<\/p>\n<p><del>2020 Heimat Ansichten, Kulturmodell Passau<\/del>\u00a0(abgesagt wegen Corona)<\/p>\n<p>2019 Ausstellung mittelrheinischer K\u00fcnstler, Kreismuseum Neuwied<\/p>\n<p>2015 Kunstraum Bad Honnef, \"Zeitlang\" [E] [K]<\/p>\n<p>2014 \u201c40 Jahre BBK Bonn Rhein-Sieg\u201d, K\u00fcnstlerforum Bonn [K]<br \/>2014 \u201cZeitlang\u201d, Stadtgalerie Alte Feuerwache, Amberg [E] [K]<\/p>\n<p>2013 \u201eAnonyme Zeichner\u201c, Kunstverein Tiergarten, Galerie Nord, Berlin<br \/>2013 \u201eObscure Fotografen\u201c, Kunstfenster Rheydt, M\u00f6nchengladbach-Rheydt [E]<br \/>2013 \u201e10 Jahre KM570\u201c, Koblenz, Haus Metternich [K]<br \/>2013 Lange Nacht der Museen, Koblenz<br \/>2013 Ausstellung mittelrheinischer K\u00fcnstler, Kreismuseum Neuwied<\/p>\n<p>2012 \u201eEndstation\u201c, K\u00f6nigswinter<br \/>2012 Nachtaktiv 2012: \u201eSetzkasten acht mal acht mal f\u00fcnf\u201c, M\u00f6nchengladbach-Rheydt<br \/>2012 \u201eBunte Hunde\u201c, Wei\u00dfe G\u00e4rten, Bonn [E]<br \/>2012 \u201eWein achten\u201c, Kreishaus Neuwied [E]<br \/>2012 Kastenkunst: \u201cLese-Zeichen\u201d, Rh\u00f6ndorf<br \/>2012 Ausstellung mittelrheinischer K\u00fcnstler, Kreismuseum Neuwied<br \/>2012 \u201cKunstverein Mittelrhein zu Gast in der Galerie Steinacker\u201d, Koblenz<br \/>2012 Winterfest des Kunstvereins Mittelrhein, Boppard<br \/>2012 \u201cLast Minute V\u201d, Kulturwerkstatt Alte Schreinerei, Bad Honnef<\/p>\n<p>2011 \u201eL\u00fcckenb\u00fc\u00dfer\u201c, Kunstraum Bad Honnef<br \/>2011 \u201eBitte recht freundlich\u201c, Kurf\u00fcrstliches G\u00e4rtnerhaus, Bonn [E]<br \/>2011 Winterfest des Kunstvereins Mittelrhein, Boppard<br \/>2011 Ausstellung mittelrheinischer K\u00fcnstler, Kreismuseum Neuwied<\/p>\n<p>2010 \u201eSitz! Die Kunst ist auf den Hund gekommen\u201d, FJK Bad Honnef [K]<br \/>2010 \u201eObscure Fotografen\u201c, Weiden, Regionalbibliothek [E] [K]<br \/>2010 \u201cungesehen \u2013 augenscheinlich\u201d, Siegburg, Kunst- und Ausstellungshalle [K]<br \/>2010 \u201eNauten\u201c \u2013 victoria b, Bonn<br \/>2010 \u201ePasst V\u201c, Kunstverein Weiden<br \/>2010 Ausstellung mittelrheinischer K\u00fcnstler, Kreismuseum Neuwied<br \/>2010 Kunstverein Mittelrhein \u201eWinterfest\u201c, Boppard<\/p>\n<p>2009 \u201eKunst auf Weinfilterschichen\u201c, Weingut Matthias M\u00fcller, Spay [E]<br \/>2009 \u201e\u2026 von hier aus \u2026 an den Rhein\u201c, Eifelmuseum Blankenheim<br \/>2009 FJK Fr\u00fchjahrssalon \u201cCOLOURS:RED\u201d, Bad Honnef [K]<br \/>2009 Erpel, Br\u00fcckenfestival \u2013 im Br\u00fcckenturm der ehemaligen Remagener Br\u00fccke [K]<br \/>2009 \u201cZeitenwechsel\u201d, Festung Ehrenbreitstein, Koblenz (Kunstverein Mittelrhein)<br \/>2009 Ausstellung mittelrheinischer K\u00fcnstler, Kreismuseum Neuwied<br \/>2009 \u201eArt Worlds in Sacred Spaces\u201c, Kunstraum Remigius, Bonn [K]<br \/>2009 Winterfest des Kunstvereins Mittelrhein, Galerie Rheingold, Oberdiebach<br \/>2009 Anonyme Zeichner N\u00b0 10, Kunstraum Kreuzberg, Berlin<br \/>2009 \u201cLast Minute IV\u201d, Kulturwerkstatt Alte Schreinerei, Bad Honnef<\/p>\n<p>2008 \u201cCubes\u201d, Artium Kunstsalon, Bad Honnef [K]<br \/>2008 \u201eVilla Belgrano\u201c, KM570, Boppard [F]<br \/>2008 Ausstellung mittelrheinischer K\u00fcnstler, Kreismuseum Neuwied<br \/>2008 \u201eBBK \u2013 Neue III\u201c, Remagen, Villa Heros, [K]<br \/>2008 \u201eWinterfest \u2013 Mitglieder des Kunstvereins Mittelrhein stellen aus\u201c, Boppard<br \/>2008 \u201ePartie in Rh\u00f6ndorf\u201c, Kulturwerkstatt Alte Schreinerei, Bad Honnef [F]<\/p>\n<p>2007 \u201eAuf der Suche nach der photographierten Zeit, Teil 2\u201c, Kunstraum Bad Honnef [E]<br \/>2007 \u201eKM 570, Neue Mitglieder\u201c, Boppard<br \/>2007 \u201eRolandsbogen heute\u201c, Freiligrathkeller auf dem Rolandsbogen<br \/>2007 \u201e\u201dWinterfest \u2013 Mitglieder des Kunstvereins Mittelrhein stellen aus\u201c, Boppard [K]<br \/>2007 \u201cLast Minute II\u201d, Kulturwerkstatt Alte Schreinerei, Bad Honnef<\/p>\n<p>2006 \u201cBoot\u201d, Haus Metternich, Koblenz [F]<br \/>2006 Galerie im Kelterhaus, Winningen [E]<br \/>2006 \u201eGegenlicht\u201c, Villa Belgrano, Boppard [F]<br \/>2006 Ausstellung mittelrheinischer K\u00fcnstler, Kreismuseum Neuwied<br \/>2006 \u201eAuf der Suche nach der photographierten Zeit\u201c, Theatergemeinde Bonn [E]<\/p>\n<p>2005 \u201cKreuzweg\u201d, Haus des Abschieds, Bad Honnef [E, K]<br \/>2005 \u201c800 Jahre L\u00f6wenburg\u201d, Kunstraum Bad Honnef<br \/>2005 Kulturwerkstatt Alte Schreinerei, Bad Honnef [E, K]<br \/>2005 125 Jahre MRG, Stadtmuseum Amberg<br \/>2005 Ausstellung mittelrheinischer K\u00fcnstler, Kreismuseum Neuwied<br \/>2005 \u201cLast Minute \u201c, Kulturwerkstatt Alte Schreinerei, Bad Honnef<\/p>\n<p>2004 Katholisch-Soziales Institut der Erzdi\u00f6zese K\u00f6ln, Bad Honnef [E]<br \/>2004 K\u00fcnstlerforum, Bonn<br \/>2004 Galerie K\u00f6ster und Schuch, Linz [E]<br \/>2004 Galerie im Uhrturm, Dierdorf<br \/>2004 Ausstellung mittelrheinischer K\u00fcnstler, Kreismuseum Neuwied<\/p>\n<p>2003 Weinschl\u00f6sschen Freiburg [E]<\/p>\n<p>2002 Atelier Luxart, K\u00f6ln<\/p>\n<p>2001 Atelier Luxart, K\u00f6ln<br \/>2001 \u201cErleuchtung durch Kunst\u201d, K\u00f6ln<br \/>2001 Gruppe 10.000, Berlin<\/p>\n<p><small>1998 Atelier 6, K\u00f6ln<br \/>\u2022 E=Einzelausstellung, K=Katalog, F=Flyer<br \/><\/small><\/p>\n\n\n<p><\/p>\n","protected":false},"excerpt":{"rendered":"<p>2022 Freiluftgalerie Rh\u00f6ndorf 2021 \"Finale 21\", Kunstverein Mittelrhein, Koblenz2021 Freiluftgalerie Rh\u00f6ndorf 2020 Heimat Ansichten, Kulturmodell Passau\u00a0(abgesagt wegen Corona) 2019 Ausstellung mittelrheinischer K\u00fcnstler, Kreismuseum Neuwied 2015 Kunstraum Bad Honnef, \"Zeitlang\" [E] [K] 2014 \u201c40 Jahre BBK Bonn Rhein-Sieg\u201d, K\u00fcnstlerforum Bonn [K]2014 \u201cZeitlang\u201d, Stadtgalerie Alte Feuerwache, Amberg [E] [K] 2013 \u201eAnonyme Zeichner\u201c, Kunstverein Tiergarten, Galerie Nord, Berlin2013 <a href=\"https:\/\/angelina-konrad.de\/?page_id=83\" class=\"more-link\">...weiterlesen<span class=\"screen-reader-text\"> \"Ausstellungen\"<\/span><\/a><\/p>\n","protected":false},"author":1,"featured_media":0,"parent":0,"menu_order":5,"comment_status":"closed","ping_status":"closed","template":"","meta":{"footnotes":""},"class_list":["post-83","page","type-page","status-publish","h-entry","hentry","h-as-page"],"_links":{"self":[{"href":"https:\/\/angelina-konrad.de\/index.php?rest_route=\/wp\/v2\/pages\/83","targetHints":{"allow":["GET"]}}],"collection":[{"href":"https:\/\/angelina-konrad.de\/index.php?rest_route=\/wp\/v2\/pages"}],"about":[{"href":"https:\/\/angelina-konrad.de\/index.php?rest_route=\/wp\/v2\/types\/page"}],"author":[{"embeddable":true,"href":"https:\/\/angelina-konrad.de\/index.php?rest_route=\/wp\/v2\/users\/1"}],"replies":[{"embeddable":true,"href":"https:\/\/angelina-konrad.de\/index.php?rest_route=%2Fwp%2Fv2%2Fcomments&post=83"}],"version-history":[{"count":17,"href":"https:\/\/angelina-konrad.de\/index.php?rest_route=\/wp\/v2\/pages\/83\/revisions"}],"predecessor-version":[{"id":981,"href":"https:\/\/angelina-konrad.de\/index.php?rest_route=\/wp\/v2\/pages\/83\/revisions\/981"}],"wp:attachment":[{"href":"https:\/\/angelina-konrad.de\/index.php?rest_route=%2Fwp%2Fv2%2Fmedia&parent=83"}],"curies":[{"name":"wp","href":"https:\/\/api.w.org\/{rel}","templated":true}]}}